{"id":223,"date":"2024-12-02T14:34:17","date_gmt":"2024-12-02T14:34:17","guid":{"rendered":"http:\/\/uniejow.local\/?page_id=223"},"modified":"2024-12-02T14:43:06","modified_gmt":"2024-12-02T14:43:06","slug":"rodo","status":"publish","type":"page","link":"https:\/\/uniejow.pl\/ucop\/rodo\/","title":{"rendered":"RODO"},"content":{"rendered":"\n<p><strong>ADMINISTRATOR PA\u0143STWA DANYCH OSOBOWYCH:<\/strong><\/p>\n\n\n\n<p>Administratorem danych osobowych jest : Gmina Uniej\u00f3w, ul. B\u0142. Bogumi\u0142a 13, 99-210 Uniej\u00f3w<\/p>\n\n\n\n<p>Kontakt e-mail:&nbsp;<a href=\"mailto:urzad@uniejow.pl\">urzad@uniejow.pl<\/a><\/p>\n\n\n\n<p>Administrator w zwi\u0105zku z przetwarzaniem danych osobowych powo\u0142a\u0142 Inspektora Ochrony Danych Osobowych, z kt\u00f3rym mo\u017cna si\u0119 skontaktowa\u0107 za po\u015brednictwem poczty e-mail:&nbsp;<a href=\"mailto:iod@uniejow.pl\">iod@uniejow.pl<\/a><\/p>\n\n\n\n<p>Funkcj\u0119 Inspektora ochrony Danych pe\u0142ni Andrzej Olszak.<\/p>\n\n\n\n<p><strong>CELE W JAKICH B\u0118DZIEMY PRZETWARZA\u0106 PA\u0143STWA DANE OSOBOWE:&nbsp;<\/strong>&nbsp;<\/p>\n\n\n\n<ol class=\"wp-block-list\">\n<li>Podj\u0119cie dzia\u0142a\u0144 zmierzaj\u0105cych do zawarcia umowy \u015bwiadczenia us\u0142ug doradczych na podstawie:<\/li>\n<\/ol>\n\n\n\n<ul class=\"wp-block-list\">\n<li>art. 6 ust. 1 lit. b RODO* (przetwarzanie danych jest niezb\u0119dne do podj\u0119cia dzia\u0142a\u0144 przed zawarciem umowy).<\/li>\n<\/ul>\n\n\n\n<ol start=\"2\" class=\"wp-block-list\">\n<li>Zawarcie i wykonanie umowy o \u015bwiadczenie us\u0142ug doradczych na podstawie:&nbsp;<\/li>\n<\/ol>\n\n\n\n<ul class=\"wp-block-list\">\n<li>art. 6 ust. 1 lit. b RODO* (przetwarzanie jest niezb\u0119dne do wykonania umowy, kt\u00f3rej stron\u0105 jest osoba, kt\u00f3rej dane dotycz\u0105).<\/li>\n<\/ul>\n\n\n\n<ol start=\"3\" class=\"wp-block-list\">\n<li>Prowadzenie dokumentacji ksi\u0119gowej i podatkowej na podstawie:&nbsp;<\/li>\n<\/ol>\n\n\n\n<ul class=\"wp-block-list\">\n<li>art. 6 ust. 1 lit. c RODO* (przetwarzanie jest niezb\u0119dne do wype\u0142nienia obowi\u0105zku prawnego ci\u0105\u017c\u0105cego na administratorze) i w zwi\u0105zku z przepisami takimi jak ustawa z dnia 29 wrze\u015bnia 1994 r. o rachunkowo\u015bci, ustawa z dnia 15 lutego 1992 roku o podatku dochodowym od os\u00f3b prawnych, ustawa z dnia 11 marca 2004 r. o podatku od towar\u00f3w i us\u0142ug oraz og\u00f3\u0142em przepis\u00f3w reguluj\u0105cych zasady powstawania, ustalania oraz wygasania zobowi\u0105za\u0144 podatkowych jak i innych przepis\u00f3w dotycz\u0105cych podatk\u00f3w.<\/li>\n<\/ul>\n\n\n\n<ol start=\"4\" class=\"wp-block-list\">\n<li>Obrona przed roszczeniami i dochodzenie roszcze\u0144 na podstawie:&nbsp;<\/li>\n<\/ol>\n\n\n\n<ul class=\"wp-block-list\">\n<li>art. 6 ust. 1 lit. f&nbsp; RODO* (przetwarzanie jest niezb\u0119dne celu realizowania prawnie uzasadnionych interes\u00f3w administratora polegaj\u0105cych na dbaniu o swoje interesy)<\/li>\n<\/ul>\n\n\n\n<ol start=\"5\" class=\"wp-block-list\">\n<li>Zg\u0142aszanie oraz rozpatrywanie reklamacji, ewentualnych skarg czy pozosta\u0142ych wniosk\u00f3w dotycz\u0105cych wsp\u00f3\u0142pracy na podstawie:<\/li>\n<\/ol>\n\n\n\n<ul class=\"wp-block-list\">\n<li>art. 6 ust. 1 lit. f RODO* (przetwarzanie jest niezb\u0119dne celu realizowania prawnie uzasadnionych interes\u00f3w administratora polegaj\u0105cych na dbaniu o w\u0142a\u015bciw\u0105 realizacj\u0119 umowy i jako\u015b\u0107 dostarczanych produkt\u00f3w\/us\u0142ug w ramach wsp\u00f3\u0142pracy).&nbsp;<\/li>\n<\/ul>\n\n\n\n<ol start=\"6\" class=\"wp-block-list\">\n<li>Realizacji projektu \u201eUtworzenie nowych us\u0142ug dla M\u015aP \u2013 Uniejowskie Centrum Obs\u0142ugi Przedsi\u0119biorcy\u201d wsp\u00f3\u0142finansowanego z programu regionalnego Fundusze Europejskie dla \u0141\u00f3dzkiego 2021-2027, Priorytet: FELD.01 Fundusze europejskie dla innowacyjnego \u0141\u00f3dzkiego, Dzia\u0142anie FELD.01.05 Konkurencyjno\u015b\u0107 M\u015aP&nbsp; i jego rozliczenia, w szczeg\u00f3lno\u015bci potwierdzenia kwalifikowalno\u015bci wydatk\u00f3w, monitoringu, ewaluacji, kontroli, audytu i sprawozdawczo\u015bci oraz dzia\u0142a\u0144 informacyjno-promocyjnych w ramach programu regionalnego Fundusze Europejskie dla \u0141\u00f3dzkiego 2021-2027, a tak\u017ce w celach archiwizacyjnych<\/li>\n<\/ol>\n\n\n\n<ul class=\"wp-block-list\">\n<li>art. 6 ust. 1 lit. c i e RODO w zwi\u0105zku z:<\/li>\n<\/ul>\n\n\n\n<ol class=\"wp-block-list\">\n<li>Rozporz\u0105dzeniem Parlamentu Europejskiego i Rady (UE) 2021\/1060 z dnia 24 czerwca 2021 r. ustanawiaj\u0105cym wsp\u00f3lne przepisy dotycz\u0105ce Europejskiego Funduszu Rozwoju Regionalnego, Europejskiego Funduszu Spo\u0142ecznego Plus, Funduszu Sp\u00f3jno\u015bci, Funduszu na rzecz Sprawiedliwej Transformacji i Europejskiego Funduszu Morskiego, Rybackiego i Akwakultury, a tak\u017ce przepisy finansowe na potrzeby tych funduszy oraz na potrzeby Funduszu Azylu, Migracji i Integracji, Funduszu Bezpiecze\u0144stwa Wewn\u0119trznego i Instrumentu Wsparcia Finansowego na rzecz Zarz\u0105dzania Granicami i Polityki Wizowej;<\/li>\n\n\n\n<li>Rozporz\u0105dzeniem Parlamentu Europejskiego i Rady (UE) 2021\/1057 z dnia 24 czerwca 2021 r. ustanawiaj\u0105cym Europejski Fundusz Spo\u0142eczny Plus (EFS+) oraz uchylaj\u0105ce rozporz\u0105dzenie (UE) nr 1296\/2013;<\/li>\n\n\n\n<li>ustaw\u0105 z dnia 28 kwietnia 2022 r. o zasadach realizacji zada\u0144 finansowanych ze \u015brodk\u00f3w europejskich w perspektywie finansowej 2021-2027;<\/li>\n\n\n\n<li>ustaw\u0105 z dnia 14 lipca 1983 r. o narodowym zasobie archiwalnym i archiwach<\/li>\n<\/ol>\n\n\n\n<p><strong>ODBIORCY PA\u0143STWA DANYCH OSOBOWYCH:<\/strong><\/p>\n\n\n\n<p>B\u0119dziemy przekazywa\u0107 (w odpowiednich sytuacjach powierza\u0107 do przetwarzania) dane osobowe dostawcom us\u0142ug pocztowych, dostawcom us\u0142ug kurierskich, zaufanym dostawcom us\u0142ug i wszelkiego oprogramowania IT wspomagaj\u0105cego zarzadzanie przedsi\u0119biorstwem, us\u0142ug w zakresie hostingu poczty elektronicznej, dostawcom us\u0142ug prawnych, osobom b\u0119d\u0105cym pracownikami Uniejowskiego COP i Urz\u0119du Miasta w Uniejowie w zakresie jakim jest to konieczne do prawid\u0142owej realizacji i rozliczenia projektu, Instytucji udzielaj\u0105cej wparcia finansowego tj. Zarz\u0105d Wojew\u00f3dztwa \u0141\u00f3dzkiego z siedzib\u0105 w \u0141odzi 90-051, al. Pi\u0142sudskiego 8, tel.: 42 663 30 00, e-mail:&nbsp;<a href=\"mailto:info@lodzkie.pl\">info@lodzkie.pl<\/a>., Instytucjom Unii Europejskiej (UE) lub podmiotom, kt\u00f3rym UE powierzy\u0142a zadania dotycz\u0105ce programu regionalnego Fundusze Europejskie dla \u0141\u00f3dzkiego 2021-2027, podmiotom publicznym na podstawie przepis\u00f3w prawa, podmiotom wyst\u0119puj\u0105cym o udost\u0119pnienie informacji publicznej, u\u017cytkownicy strony internetowej dedykowanej dzia\u0142alno\u015bci Uniejowskiego COP.<\/p>\n\n\n\n<p><strong>CZAS PRZEZ JAKI B\u0118DZIEMY PRZETWARZA\u0106 PA\u0143STWA DANE OSOBOWE:&nbsp;<\/strong><\/p>\n\n\n\n<ol class=\"wp-block-list\">\n<li>w celu podj\u0119cia dzia\u0142a\u0144 zmierzaj\u0105cych do zawarcia umowy \u2013 do czasu podpisania umowy lub odst\u0105pienia od jej podpisania,<\/li>\n\n\n\n<li>w celu zawarcia i wykonania umowy \u2013 do czasu zako\u0144czenia umowy,<\/li>\n\n\n\n<li>w celu prowadzenia dokumentacji ksi\u0119gowej i podatkowej \u2013 5 lat od zako\u0144czenia roku kalendarzowego w kt\u00f3rym powsta\u0142 obowi\u0105zek podatkowy,<\/li>\n\n\n\n<li>w celu obrony przed roszczeniami i dochodzeniem roszcze\u0144 \u2013 6 lat od zako\u0144czenia umowy,<\/li>\n\n\n\n<li>w celu rozpatrywania lub zg\u0142aszania reklamacji, ewentualnych skarg, wniosk\u00f3w \u2013 1 rok od rozpatrzenia przedmiotowego zg\u0142oszenia,<\/li>\n\n\n\n<li>przez okres 5 lat od dnia 31 grudnia roku, w kt\u00f3rym Instytucja Zarz\u0105dzaj\u0105ca dokona\u0142a ostatniej p\u0142atno\u015bci na rzecz Beneficjenta. Okres, o kt\u00f3rym mowa w zdaniu pierwszym, zostaje wstrzymany w przypadku wszcz\u0119cia post\u0119powania prawnego albo na wniosek Komisji Europejskiej.<\/li>\n<\/ol>\n\n\n\n<p><strong>PRZYS\u0141UGUJ\u0104 PA\u0143STWU NAST\u0118PUJ\u0104CE PRAWA WYNIKAJ\u0104CE Z RODO:<\/strong><\/p>\n\n\n\n<ul class=\"wp-block-list\">\n<li>prawo \u017c\u0105dania dost\u0119pu do swoich danych osobowych,&nbsp;<\/li>\n\n\n\n<li>prawo \u017c\u0105dania sprostowania swoich danych osobowych,&nbsp;<\/li>\n\n\n\n<li>prawo \u017c\u0105dania usuni\u0119cia lub ograniczenia przetwarzania swoich danych osobowych,&nbsp;<\/li>\n\n\n\n<li>prawo do przenoszenia swoich danych osobowych do innego administratora- w przypadku danych przetwarzanych na gruncie umowy tj. art. 6 ust. 1 lit. b RODO*,<\/li>\n\n\n\n<li>prawo do wniesienia sprzeciwu wobec przetwarzania swoich danych osobowych- w przypadku danych przetwarzanych w celu realizacji prawnie uzasadnionego interesu administratora tj. art. 6 ust. 1 lit. f RODO*,<\/li>\n\n\n\n<li>prawo do wniesienia skargi do organu nadzorczego, kt\u00f3rym jest Prezes Urz\u0119du Ochrony Danych Osobowych.<\/li>\n<\/ul>\n\n\n\n<p><\/p>\n","protected":false},"excerpt":{"rendered":"<p>ADMINISTRATOR PA\u0143STWA DANYCH OSOBOWYCH: Administratorem danych osobowych jest : Gmina Uniej\u00f3w, ul. B\u0142. Bogumi\u0142a 13, 99-210 Uniej\u00f3w Kontakt e-mail:&nbsp;urzad@uniejow.pl Administrator [&#8230;]<\/p>\n<p><a class=\"btn btn-secondary understrap-read-more-link\" href=\"https:\/\/uniejow.pl\/ucop\/rodo\/\">Czytaj dalej\u2026<span class=\"screen-reader-text\"> from RODO<\/span><\/a><\/p>\n","protected":false},"author":1,"featured_media":0,"parent":0,"menu_order":0,"comment_status":"closed","ping_status":"closed","template":"","meta":{"_acf_changed":false,"footnotes":""},"class_list":["post-223","page","type-page","status-publish","hentry"],"acf":[],"_links":{"self":[{"href":"https:\/\/uniejow.pl\/ucop\/wp-json\/wp\/v2\/pages\/223","targetHints":{"allow":["GET"]}}],"collection":[{"href":"https:\/\/uniejow.pl\/ucop\/wp-json\/wp\/v2\/pages"}],"about":[{"href":"https:\/\/uniejow.pl\/ucop\/wp-json\/wp\/v2\/types\/page"}],"author":[{"embeddable":true,"href":"https:\/\/uniejow.pl\/ucop\/wp-json\/wp\/v2\/users\/1"}],"replies":[{"embeddable":true,"href":"https:\/\/uniejow.pl\/ucop\/wp-json\/wp\/v2\/comments?post=223"}],"version-history":[{"count":2,"href":"https:\/\/uniejow.pl\/ucop\/wp-json\/wp\/v2\/pages\/223\/revisions"}],"predecessor-version":[{"id":228,"href":"https:\/\/uniejow.pl\/ucop\/wp-json\/wp\/v2\/pages\/223\/revisions\/228"}],"wp:attachment":[{"href":"https:\/\/uniejow.pl\/ucop\/wp-json\/wp\/v2\/media?parent=223"}],"curies":[{"name":"wp","href":"https:\/\/api.w.org\/{rel}","templated":true}]}}