{"id":310,"date":"2024-12-05T10:19:15","date_gmt":"2024-12-05T09:19:15","guid":{"rendered":"https:\/\/uniejow.pl\/ucop\/?page_id=310"},"modified":"2024-12-06T09:37:48","modified_gmt":"2024-12-06T08:37:48","slug":"pierwsze-kroki","status":"publish","type":"page","link":"https:\/\/uniejow.pl\/ucop\/pierwsze-kroki\/","title":{"rendered":"Pierwsze kroki"},"content":{"rendered":"\n<h2 class=\"wp-block-heading\"><strong>Jak zosta\u0107 Przedsi\u0119biorc\u0105? Zobacz, od czego musisz zacz\u0105\u0107<\/strong><\/h2>\n\n\n\n<p><\/p>\n\n\n\n<p><\/p>\n\n\n\n<p><\/p>\n\n\n\n<ol class=\"wp-block-list\">\n<li><strong>Sprawd\u017a, czy mo\u017cesz prowadzi\u0107 dzia\u0142alno\u015b\u0107 gospodarcz\u0105 w Polsce<\/strong><\/li>\n<\/ol>\n\n\n\n<ol class=\"wp-block-list\"><\/ol>\n\n\n\n<p>Mo\u017cesz prowadzi\u0107 firm\u0119 jednoosobow\u0105 samodzielnie, <strong>je\u015bli jeste\u015b osob\u0105 pe\u0142noletni\u0105<\/strong>, bo tylko wtedy ponosisz pe\u0142n\u0105 odpowiedzialno\u015b\u0107 za swoje dzia\u0142ania i masz pe\u0142n\u0105 zdolno\u015b\u0107 do podejmowania decyzji.<\/p>\n\n\n\n<p>Osoby niepe\u0142noletnie, kt\u00f3re chc\u0105 prowadzi\u0107 w\u0142asny biznes, w wielu sytuacjach b\u0119d\u0105 musia\u0142y korzysta\u0107 z pomocy swoich ustawowych przedstawicieli. Najcz\u0119\u015bciej b\u0119d\u0105 to rodzice.<\/p>\n\n\n\n<p>\u017beby za\u0142o\u017cy\u0107 firm\u0119 jednoosobow\u0105, <strong>nie musisz by\u0107 obywatelem lub obywatelk\u0105 Polski<\/strong>.<\/p>\n\n\n\n<p>Obywatele:<\/p>\n\n\n\n<ul class=\"wp-block-list\">\n<li>pa\u0144stw cz\u0142onkowskich <strong>Unii Europejskiej<\/strong> i pa\u0144stw cz\u0142onkowskich <strong>Europejskiego Obszaru Gospodarczego<\/strong> mog\u0105 podejmowa\u0107 i wykonywa\u0107 dzia\u0142alno\u015b\u0107 gospodarcz\u0105 w Polsce na takich samych zasadach jak obywatele polscy.<\/li>\n\n\n\n<li>pa\u0144stw <strong>spoza Unii Europejskiej<\/strong> lub <strong>spoza Europejskiego Obszaru Gospodarczego<\/strong> mog\u0105 podejmowa\u0107 i wykonywa\u0107 dzia\u0142alno\u015b\u0107 gospodarcz\u0105 na terytorium Polski na takich samych zasadach jak obywatele polscy, je\u017celi maj\u0105 <strong>tytu\u0142 pobytowy,<\/strong> kt\u00f3ry ich do tego uprawnia, na przyk\u0142ad zezwolenie na pobyt sta\u0142y, zezwolenie na pobyt rezydenta d\u0142ugoterminowego Unii Europejskiej czy zezwolenie na pobyt czasowy, wydane w zwi\u0105zku ze studiami.<\/li>\n<\/ul>\n\n\n\n<p>2. <strong>Upewnij si\u0119, czy musisz rejestrowa\u0107 firm\u0119<\/strong><\/p>\n\n\n\n<ol class=\"wp-block-list\"><\/ol>\n\n\n\n<p>Dzia\u0142alno\u015b\u0107 gospodarcza to <strong>zorganizowana dzia\u0142alno\u015b\u0107 zarobkowa wykonywana we w\u0142asnym imieniu i w spos\u00f3b ci\u0105g\u0142y<\/strong>.<\/p>\n\n\n\n<p>Je\u015bli chcesz prowadzi\u0107 tak\u0105 dzia\u0142alno\u015b\u0107, musisz si\u0119 zarejestrowa\u0107 w <strong>Centralnej Ewidencji i Informacji o Dzia\u0142alno\u015bci Gospodarczej &#8211; CEIDG<\/strong>, czyli w rejestrze przedsi\u0119biorc\u00f3w prowadz\u0105cych w Polsce jednoosobow\u0105 dzia\u0142alno\u015b\u0107 gospodarcz\u0105. Do tego rejestru wpisuj\u0105 si\u0119 r\u00f3wnie\u017c przedsi\u0119biorcy, kt\u00f3rzy chc\u0105 zosta\u0107 wsp\u00f3lnikami sp\u00f3\u0142ki cywilnej.<\/p>\n\n\n\n<p>Jednak je\u015bli spodziewasz si\u0119, \u017ce <strong>przychody z twojej dzia\u0142alno\u015bci b\u0119d\u0105 niewielkie<\/strong>, to tak\u0105 drobn\u0105 dzia\u0142alno\u015b\u0107 mo\u017cesz prowadzi\u0107 bez dodatkowych formalno\u015bci \u2013 nie musisz si\u0119 rejestrowa\u0107 jako przedsi\u0119biorca.<\/p>\n\n\n\n<p>3. <strong>Wybierz nazw\u0119 swojej firmy<\/strong><\/p>\n\n\n\n<p>Rejestruj\u0105c si\u0119 jako przedsi\u0119biorca w CEIDG, musisz wskaza\u0107 pod jak\u0105 nazw\u0105 b\u0119dziesz dzia\u0142a\u0107. Nazwa musi zawiera\u0107 co najmniej twoje <strong>imi\u0119 i nazwisko<\/strong> podane w mianowniku &#8211; na przyk\u0142ad: Jan Kowalski.<\/p>\n\n\n\n<p>Wa\u017cna jest kolejno\u015b\u0107 \u2013 wpisuj\u0105c nazw\u0119 <strong>najpierw podaj swoje imi\u0119, a p\u00f3\u017aniej nazwisko<\/strong>.<\/p>\n\n\n\n<p>Mo\u017cesz doda\u0107 do imienia i nazwiska inne elementy, na przyk\u0142ad opisuj\u0105ce profil twojej dzia\u0142alno\u015bci \u2013 Jan Kowalski dorabianie kluczy, czy wskazuj\u0105ce na miejsce jej prowadzenia. Takim dodatkowym elementem mo\u017ce te\u017c by\u0107 tw\u00f3j pseudonim albo dowolne fantazyjne sformu\u0142owanie.<\/p>\n\n\n\n<p>4. <strong>Zdecyduj, jaki adres firmy podasz w rejestrze<\/strong><\/p>\n\n\n\n<p>Swoj\u0105 firm\u0119 mo\u017cesz prowadzi\u0107 <strong>w jednym lub wielu sta\u0142ych miejscach<\/strong>, na przyk\u0142ad w punkcie us\u0142ugowym, w biurze, w tym w biurze wirtualnym lub coworkingowym, we w\u0142asnym mieszkaniu albo <strong>bez sta\u0142ego adresu czy mobilnie<\/strong>, na przyk\u0142ad je\u017celi wykonujesz us\u0142ugi u klienta. Masz w tym zakresie pe\u0142n\u0105 dowolno\u015b\u0107.<\/p>\n\n\n\n<p><strong>Wa\u017cne!<\/strong> Musisz posiada\u0107 tytu\u0142 prawny do ka\u017cdej nieruchomo\u015bci, kt\u00f3rej <strong>adres zg\u0142aszasz do CEIDG<\/strong>. Tytu\u0142em prawnym do nieruchomo\u015bci mo\u017ce by\u0107:<\/p>\n\n\n\n<ul class=\"wp-block-list\">\n<li>prawo w\u0142asno\u015bci (wsp\u00f3\u0142w\u0142asno\u015bci) nieruchomo\u015bci lub lokalu mieszkalnego<\/li>\n\n\n\n<li>prawo u\u017cytkowania wieczystego gruntu wraz z prawem w\u0142asno\u015bci budynk\u00f3w<\/li>\n\n\n\n<li>sp\u00f3\u0142dzielcze w\u0142asno\u015bciowe prawo do lokalu<\/li>\n\n\n\n<li>dzier\u017cawa<\/li>\n\n\n\n<li>najem<\/li>\n\n\n\n<li>u\u017cyczenie.<br><br>5. <strong>Sprawd\u017a, czy potrzebujesz pozwolenia<\/strong><\/li>\n<\/ul>\n\n\n\n<p>Co do zasady przedsi\u0119biorcy mog\u0105 dzia\u0142a\u0107 swobodnie. To znaczy, \u017ce nie potrzebuj\u0105 niczyjej zgody na prowadzenie konkretnej dzia\u0142alno\u015bci.<\/p>\n\n\n\n<p>Czasami jednak, aby prowadzi\u0107 biznes, musisz mie\u0107 okre\u015blone uprawnienia zawodowe, posiada\u0107 okre\u015blony sprz\u0119t lub warunki lokalowe.<\/p>\n\n\n\n<p>S\u0105 te\u017c takie biznesy, kt\u00f3re mo\u017cesz prowadzi\u0107 dopiero <strong>po uzyskaniu pozwolenia<\/strong> odpowiednich instytucji publicznych.<\/p>\n\n\n\n<p>W tych przypadkach mo\u017ce ci by\u0107 potrzebna licencja, koncesja, zezwolenie lub wpis do rejestru dzia\u0142alno\u015bci regulowanej. Musisz si\u0119 o nie postara\u0107 <strong>ju\u017c<\/strong> <strong>po zarejestrowaniu firmy<\/strong>.<\/p>\n\n\n\n<p>6. <strong>Wybierz form\u0119 opodatkowania dochod\u00f3w<\/strong><\/p>\n\n\n\n<p>Prowadz\u0105c jednoosobow\u0105 dzia\u0142alno\u015b\u0107 gospodarcz\u0105 jeste\u015b podatnikiem podatku dochodowego od os\u00f3b fizycznych, czyli <strong>podatku PIT.<\/strong><\/p>\n\n\n\n<p>Do wyboru masz <strong>trzy formy<\/strong> <strong>opodatkowania dochod\u00f3w<\/strong> z dzia\u0142alno\u015bci gospodarczej:<\/p>\n\n\n\n<ul class=\"wp-block-list\">\n<li>na zasadach og\u00f3lnych, wed\u0142ug skali podatkowej (stawka podatkowa 12% i 32%)<\/li>\n\n\n\n<li>wed\u0142ug stawki liniowej (stawka podatkowa 19%)<\/li>\n\n\n\n<li>rycza\u0142tem od przychod\u00f3w ewidencjonowanych.<\/li>\n<\/ul>\n\n\n\n<p><strong>Wa\u017cne!<\/strong> Od 2022 roku z czwartej formy opodatkowania &#8211; <strong>karty podatkowej<\/strong> mog\u0105 korzysta\u0107 tylko ci podatnicy, kt\u00f3rzy kontynuuj\u0105 opodatkowanie w tej formie \u2013 byli ju\u017c opodatkowani w ten spos\u00f3b w 2021 roku. Dlatego je\u015bli dopiero zak\u0142adasz dzia\u0142alno\u015b\u0107, nie mo\u017cesz wybra\u0107 karty podatkowej.<\/p>\n\n\n\n<p>Skala podatkowa to podstawowa forma opodatkowania dochod\u00f3w z dzia\u0142alno\u015bci gospodarczej. To oznacza, \u017ce b\u0119dziesz opodatkowany na zasadach og\u00f3lnych, je\u017celi <strong>nie wybierzesz innej formy opodatkowania.<\/strong><\/p>\n\n\n\n<p>W przypadku skali podatkowej stawki liniowej przedmiotem opodatkowania jest doch\u00f3d, a w przypadku rycza\u0142tu od przychod\u00f3w ewidencjonowanych przedmiotem opodatkowania jest osi\u0105gni\u0119ty przych\u00f3d.<\/p>\n\n\n\n<p><strong>Pami\u0119taj!<\/strong> Wyb\u00f3r rycza\u0142tu od przychod\u00f3w ewidencjonowanych nie zawsze b\u0119dzie mo\u017cliwy, mi\u0119dzy innymi dlatego, \u017ce s\u0105 takie dzia\u0142alno\u015bci, kt\u00f3re nie mog\u0105 by\u0107 w ten spos\u00f3b opodatkowane.<\/p>\n\n\n\n<p>7. <strong>Sprawd\u017a, czy musisz p\u0142aci\u0107 VAT<\/strong><\/p>\n\n\n\n<p>VAT to podatek pobierany na ka\u017cdym etapie obrotu towarami lub us\u0142ugami. Jego warto\u015b\u0107 jest doliczana do ka\u017cdej transakcji.<\/p>\n\n\n\n<p>VAT p\u0142acisz niezale\u017cnie od podatku dochodowego PIT i od tego czy PIT rozliczasz na zasadach og\u00f3lnych &#8211; wed\u0142ug skali podatkowej, wed\u0142ug stawki liniowej, rycza\u0142tem od przychod\u00f3w ewidencjonowanych czy na zasadach karty podatkowej.<\/p>\n\n\n\n<p>Jako przedsi\u0119biorca <a href=\"https:\/\/www.biznes.gov.pl\/pl\/portal\/00248\" target=\"_blank\" rel=\"noreferrer noopener\">masz co do zasady obowi\u0105zek zarejestrowa\u0107 si\u0119 do VAT<\/a>. Nie musisz si\u0119 jednak rejestrowa\u0107, gdy:<\/p>\n\n\n\n<p>&#8211; twoja sprzeda\u017c nie przekracza limitu 200 tys. z\u0142 rocznie<\/p>\n\n\n\n<p>&#8211; sprzedajesz wy\u0142\u0105cznie towary i us\u0142ugi zwolnione z VAT<\/p>\n\n\n\n<p><strong>\u017ar\u00f3d\u0142o:<\/strong> <a href=\"mailto:https:\/\/www.biznes.gov.pl\/pl\/portal\/00120\">biznes.gov.pl &nbsp;<\/a>&nbsp;<\/p>\n\n\n\n<p>Je\u015bli planujesz otworzy\u0107 w\u0142asn\u0105 dzia\u0142alno\u015b\u0107 gospodarcz\u0105, ch\u0119tnie udzielimy Ci wszelkich niezb\u0119dnych informacji na ten temat. W razie potrzeby um\u00f3wimy Ci\u0119 na spotkanie z pracownikami urz\u0119du, aby om\u00f3wi\u0107 szczeg\u00f3\u0142y wpisu do CEIDG oraz przedstawi\u0107 dost\u0119pne nieruchomo\u015bci na sprzeda\u017c lub wynajem, kt\u00f3re mog\u0105 Ci\u0119 zainteresowa\u0107.<\/p>\n\n\n\n<p><strong>Kontakt:<\/strong><\/p>\n\n\n\n<ul class=\"wp-block-list\">\n<li>Uniejowskie Centrum Obs\u0142ugi Przedsi\u0119biorcy\n<ul class=\"wp-block-list\">\n<li>ul. Zamkowa 2B, 99-210 Uniej\u00f3w<\/li>\n\n\n\n<li>Tel. 506\u00a0352 433<\/li>\n<\/ul>\n<\/li>\n\n\n\n<li>Ewelina Ka\u0142ucka \u2013 Wpis do CEIDG: 63 288 97 64<\/li>\n\n\n\n<li>Andrzej Gaw\u0142owski, Joanna Kubacka \u2013 Gospodarka gruntami i lokalami: 63 288 97 68<\/li>\n<\/ul>\n\n\n\n<p><strong>Odwied\u017a nas lub zadzwo\u0144, a pomo\u017cemy Ci w realizacji Twoich plan\u00f3w biznesowych!<\/strong><\/p>\n","protected":false},"excerpt":{"rendered":"<p>Jak zosta\u0107 Przedsi\u0119biorc\u0105? Zobacz, od czego musisz zacz\u0105\u0107 Mo\u017cesz prowadzi\u0107 firm\u0119 jednoosobow\u0105 samodzielnie, je\u015bli jeste\u015b osob\u0105 pe\u0142noletni\u0105, bo tylko wtedy [&#8230;]<\/p>\n<p><a class=\"btn btn-secondary understrap-read-more-link\" href=\"https:\/\/uniejow.pl\/ucop\/pierwsze-kroki\/\">Czytaj dalej\u2026<span class=\"screen-reader-text\"> from Pierwsze kroki<\/span><\/a><\/p>\n","protected":false},"author":2,"featured_media":0,"parent":0,"menu_order":0,"comment_status":"closed","ping_status":"closed","template":"","meta":{"_acf_changed":false,"footnotes":""},"class_list":["post-310","page","type-page","status-publish","hentry"],"acf":[],"_links":{"self":[{"href":"https:\/\/uniejow.pl\/ucop\/wp-json\/wp\/v2\/pages\/310","targetHints":{"allow":["GET"]}}],"collection":[{"href":"https:\/\/uniejow.pl\/ucop\/wp-json\/wp\/v2\/pages"}],"about":[{"href":"https:\/\/uniejow.pl\/ucop\/wp-json\/wp\/v2\/types\/page"}],"author":[{"embeddable":true,"href":"https:\/\/uniejow.pl\/ucop\/wp-json\/wp\/v2\/users\/2"}],"replies":[{"embeddable":true,"href":"https:\/\/uniejow.pl\/ucop\/wp-json\/wp\/v2\/comments?post=310"}],"version-history":[{"count":4,"href":"https:\/\/uniejow.pl\/ucop\/wp-json\/wp\/v2\/pages\/310\/revisions"}],"predecessor-version":[{"id":345,"href":"https:\/\/uniejow.pl\/ucop\/wp-json\/wp\/v2\/pages\/310\/revisions\/345"}],"wp:attachment":[{"href":"https:\/\/uniejow.pl\/ucop\/wp-json\/wp\/v2\/media?parent=310"}],"curies":[{"name":"wp","href":"https:\/\/api.w.org\/{rel}","templated":true}]}}